{"version":"1.0","provider_name":"Apple bazar","provider_url":"https:\/\/www.letemsvetemapplem.eu\/bazar","author_name":"Apple bazar","author_url":"https:\/\/www.letemsvetemapplem.eu\/bazar","title":"Prod\u00e1m iMac &quot;21,5 mid 2010, v\u00fdmena - Apple bazar","type":"rich","width":600,"height":338,"html":"<blockquote class=\"wp-embedded-content\" data-secret=\"uR9EK8iUzk\"><a href=\"https:\/\/www.letemsvetemapplem.eu\/bazar\/prodam-imac-215-mid-2010-vymena\/\">Prod\u00e1m iMac &quot;21,5 mid 2010, v\u00fdmena<\/a><\/blockquote><iframe sandbox=\"allow-scripts\" security=\"restricted\" src=\"https:\/\/www.letemsvetemapplem.eu\/bazar\/prodam-imac-215-mid-2010-vymena\/embed\/#?secret=uR9EK8iUzk\" width=\"600\" height=\"338\" title=\"&#8222;Prod\u00e1m iMac &quot;21,5 mid 2010, v\u00fdmena&#8220; &#8212; Apple bazar\" data-secret=\"uR9EK8iUzk\" frameborder=\"0\" marginwidth=\"0\" marginheight=\"0\" scrolling=\"no\" class=\"wp-embedded-content\"><\/iframe><script type=\"text\/javascript\">\n\/* <![CDATA[ *\/\n\/*! This file is auto-generated *\/\n!function(d,l){\"use strict\";l.querySelector&&d.addEventListener&&\"undefined\"!=typeof URL&&(d.wp=d.wp||{},d.wp.receiveEmbedMessage||(d.wp.receiveEmbedMessage=function(e){var t=e.data;if((t||t.secret||t.message||t.value)&&!\/[^a-zA-Z0-9]\/.test(t.secret)){for(var s,r,n,a=l.querySelectorAll('iframe[data-secret=\"'+t.secret+'\"]'),o=l.querySelectorAll('blockquote[data-secret=\"'+t.secret+'\"]'),c=new RegExp(\"^https?:$\",\"i\"),i=0;i<o.length;i++)o[i].style.display=\"none\";for(i=0;i<a.length;i++)s=a[i],e.source===s.contentWindow&&(s.removeAttribute(\"style\"),\"height\"===t.message?(1e3<(r=parseInt(t.value,10))?r=1e3:~~r<200&&(r=200),s.height=r):\"link\"===t.message&&(r=new URL(s.getAttribute(\"src\")),n=new URL(t.value),c.test(n.protocol))&&n.host===r.host&&l.activeElement===s&&(d.top.location.href=t.value))}},d.addEventListener(\"message\",d.wp.receiveEmbedMessage,!1),l.addEventListener(\"DOMContentLoaded\",function(){for(var e,t,s=l.querySelectorAll(\"iframe.wp-embedded-content\"),r=0;r<s.length;r++)(t=(e=s[r]).getAttribute(\"data-secret\"))||(t=Math.random().toString(36).substring(2,12),e.src+=\"#?secret=\"+t,e.setAttribute(\"data-secret\",t)),e.contentWindow.postMessage({message:\"ready\",secret:t},\"*\")},!1)))}(window,document);\n\/\/# sourceURL=https:\/\/www.letemsvetemapplem.eu\/bazar\/wp-includes\/js\/wp-embed.min.js\n\/* ]]> *\/\n<\/script>\n","thumbnail_url":"https:\/\/www.letemsvetemapplem.eu\/bazar\/wp-content\/uploads\/2020\/05\/1926B6CE-8BF0-4CB5-9DEB-42B58F096F24-scaled.jpeg","thumbnail_width":2560,"thumbnail_height":1920,"description":"Prod\u00e1m, pr\u00edpadne vymen\u00edm Apple iMac v tejto konfigur\u00e1cii viz. foto, magic keyboard, magic mouse, dialkov\u00e9 ovl\u00e1danie Apple za Apple Macbook Pro, alebo Apple Macbook Air. V\u0161etko pln\u011b funk\u010dn\u00e9, pred\u00e1vam z d\u00f4vodu nevyu\u017eitia a nutnosti prejs\u0165 na notebook. Cena 550\u20ac, pr\u00edpadne ponuky na v\u00fdmenu so \u0161pecifik\u00e1ciou posielajte na mail."}