{"version":"1.0","provider_name":"Apple bazar","provider_url":"https:\/\/www.letemsvetemapplem.eu\/bazar","author_name":"Apple bazar","author_url":"https:\/\/www.letemsvetemapplem.eu\/bazar","title":"iMac (27-inch, Late 2012) 32G RAM - Apple bazar","type":"rich","width":600,"height":338,"html":"<blockquote class=\"wp-embedded-content\" data-secret=\"f9ngI8Jt51\"><a href=\"https:\/\/www.letemsvetemapplem.eu\/bazar\/imac-27-inch-late-2012-32g-ram\/\">iMac (27-inch, Late 2012) 32G RAM<\/a><\/blockquote><iframe sandbox=\"allow-scripts\" security=\"restricted\" src=\"https:\/\/www.letemsvetemapplem.eu\/bazar\/imac-27-inch-late-2012-32g-ram\/embed\/#?secret=f9ngI8Jt51\" width=\"600\" height=\"338\" title=\"&#8222;iMac (27-inch, Late 2012) 32G RAM&#8220; &#8212; Apple bazar\" data-secret=\"f9ngI8Jt51\" frameborder=\"0\" marginwidth=\"0\" marginheight=\"0\" scrolling=\"no\" class=\"wp-embedded-content\"><\/iframe><script type=\"text\/javascript\">\n\/* <![CDATA[ *\/\n\/*! This file is auto-generated *\/\n!function(d,l){\"use strict\";l.querySelector&&d.addEventListener&&\"undefined\"!=typeof URL&&(d.wp=d.wp||{},d.wp.receiveEmbedMessage||(d.wp.receiveEmbedMessage=function(e){var t=e.data;if((t||t.secret||t.message||t.value)&&!\/[^a-zA-Z0-9]\/.test(t.secret)){for(var s,r,n,a=l.querySelectorAll('iframe[data-secret=\"'+t.secret+'\"]'),o=l.querySelectorAll('blockquote[data-secret=\"'+t.secret+'\"]'),c=new RegExp(\"^https?:$\",\"i\"),i=0;i<o.length;i++)o[i].style.display=\"none\";for(i=0;i<a.length;i++)s=a[i],e.source===s.contentWindow&&(s.removeAttribute(\"style\"),\"height\"===t.message?(1e3<(r=parseInt(t.value,10))?r=1e3:~~r<200&&(r=200),s.height=r):\"link\"===t.message&&(r=new URL(s.getAttribute(\"src\")),n=new URL(t.value),c.test(n.protocol))&&n.host===r.host&&l.activeElement===s&&(d.top.location.href=t.value))}},d.addEventListener(\"message\",d.wp.receiveEmbedMessage,!1),l.addEventListener(\"DOMContentLoaded\",function(){for(var e,t,s=l.querySelectorAll(\"iframe.wp-embedded-content\"),r=0;r<s.length;r++)(t=(e=s[r]).getAttribute(\"data-secret\"))||(t=Math.random().toString(36).substring(2,12),e.src+=\"#?secret=\"+t,e.setAttribute(\"data-secret\",t)),e.contentWindow.postMessage({message:\"ready\",secret:t},\"*\")},!1)))}(window,document);\n\/\/# sourceURL=https:\/\/www.letemsvetemapplem.eu\/bazar\/wp-includes\/js\/wp-embed.min.js\n\/* ]]> *\/\n<\/script>\n","thumbnail_url":"https:\/\/www.letemsvetemapplem.eu\/bazar\/wp-content\/uploads\/2019\/05\/obrazek.jpeg","thumbnail_width":120,"thumbnail_height":120,"description":"iMac (27-inch, Late 2012), konfigurace: All in one po\u010d\u00edta\u010d s IPS displejem velikosti 27&quot;, rozli\u0161en\u00ed 2560 x 1440 bod\u016f, LED podsv\u00edcen\u00ed, \u010dty\u0159j\u00e1drov\u00fd procesor Intel Core i5 (6M Cache, 3.2GHz, 3.6 GHz Turbo), 32 GB opera\u010dn\u00ed pam\u011bti DDR3 1600 MHz, grafick\u00e1 karta NVIDIA GeForce GTX 675MX (1024MB GDDR5), pevn\u00fd disk s kapacitou 1 TB, WiFi, GLAN,..."}